{"id":1899,"date":"2020-11-27T08:27:33","date_gmt":"2020-11-27T08:27:33","guid":{"rendered":"https:\/\/jophiwese.de\/?page_id=1899"},"modified":"2021-07-28T13:35:19","modified_gmt":"2021-07-28T12:35:19","slug":"datenschutz","status":"publish","type":"page","link":"https:\/\/hl-agrar.de\/fr\/datenschutz\/","title":{"rendered":"Protection de donn\u00e9es"},"content":{"rendered":"<div data-elementor-type=\"wp-page\" data-elementor-id=\"1899\" class=\"elementor elementor-1899\">\n\t\t\t\t\t\t\t\t\t<section class=\"elementor-section elementor-top-section elementor-element elementor-element-4188e3a elementor-section-height-min-height elementor-section-boxed elementor-section-height-default elementor-section-items-middle\" data-id=\"4188e3a\" data-element_type=\"section\" data-settings=\"{&quot;background_background&quot;:&quot;classic&quot;}\">\n\t\t\t\t\t\t\t<div class=\"elementor-background-overlay\"><\/div>\n\t\t\t\t\t\t\t<div class=\"elementor-container elementor-column-gap-default\">\n\t\t\t\t\t<div class=\"elementor-column elementor-col-100 elementor-top-column elementor-element elementor-element-b408ea5\" data-id=\"b408ea5\" data-element_type=\"column\">\n\t\t\t<div class=\"elementor-widget-wrap elementor-element-populated\">\n\t\t\t\t\t\t\t\t<div class=\"elementor-element elementor-element-d08fc44 elementor-widget elementor-widget-heading\" data-id=\"d08fc44\" data-element_type=\"widget\" data-widget_type=\"heading.default\">\n\t\t\t\t<div class=\"elementor-widget-container\">\n\t\t\t<h2 class=\"elementor-heading-title elementor-size-default\"><br><br>Protection de donn\u00e9es<br><br><br><\/h2>\t\t<\/div>\n\t\t\t\t<\/div>\n\t\t\t\t\t<\/div>\n\t\t<\/div>\n\t\t\t\t\t\t\t<\/div>\n\t\t<\/section>\n\t\t\t\t<section class=\"elementor-section elementor-top-section elementor-element elementor-element-790bfb7 elementor-section-boxed elementor-section-height-default elementor-section-height-default\" data-id=\"790bfb7\" data-element_type=\"section\">\n\t\t\t\t\t\t<div class=\"elementor-container elementor-column-gap-default\">\n\t\t\t\t\t<div class=\"elementor-column elementor-col-100 elementor-top-column elementor-element elementor-element-0b7de85\" data-id=\"0b7de85\" data-element_type=\"column\">\n\t\t\t<div class=\"elementor-widget-wrap elementor-element-populated\">\n\t\t\t\t\t\t\t\t<div class=\"elementor-element elementor-element-e7f0a36 elementor-widget elementor-widget-text-editor\" data-id=\"e7f0a36\" data-element_type=\"widget\" data-widget_type=\"text-editor.default\">\n\t\t\t\t<div class=\"elementor-widget-container\">\n\t\t\t\t\t\t\t<h2>Politique de confidentialit\u00e9<\/h2>\n<ol>\n<li><strong> La protection des donn\u00e9es en un coup d'\u0153il<\/strong><\/li>\n<\/ol>\n<p>Bienvenue chez H\u00f6lscher Leuschner. Nous vous remercions de votre visite et de l'int\u00e9r\u00eat que vous portez \u00e0 notre entreprise. Nous prot\u00e9geons vos donn\u00e9es personnelles. Vous trouverez de plus amples informations \u00e0 ce sujet dans la pr\u00e9sente politique de confidentialit\u00e9.<\/p>\n<p><strong>Informations g\u00e9n\u00e9rales<\/strong><br>Les notes suivantes donnent un aper\u00e7u simple de ce qui arrive \u00e0 vos donn\u00e9es personnelles lorsque vous visitez notre site web. Les donn\u00e9es \u00e0 caract\u00e8re personnel sont toutes les donn\u00e9es permettant de vous identifier personnellement. Pour des informations d\u00e9taill\u00e9es sur le sujet de la protection des donn\u00e9es, veuillez vous r\u00e9f\u00e9rer \u00e0 notre politique en mati\u00e8re de respect de la vie priv\u00e9e, dont la liste figure sous ce texte.<\/p>\n<p><strong>Collecte de donn\u00e9es sur notre site web<\/strong><br>Qui est responsable de la collecte des donn\u00e9es sur ce site ?<br>Le traitement des donn\u00e9es sur ce site web est effectu\u00e9 par l'exploitant du site web. Vous trouverez ses coordonn\u00e9es dans les mentions l\u00e9gales de ce site.<br>Comment collectons-nous vos donn\u00e9es ? D'une part, vos donn\u00e9es sont collect\u00e9es par le fait que vous nous les fournissez. Il peut s'agir, par exemple, de donn\u00e9es que vous saisissez dans un formulaire de contact.<br>D'autres donn\u00e9es sont automatiquement collect\u00e9es par nos syst\u00e8mes informatiques lorsque vous visitez le site web. Il s'agit principalement de donn\u00e9es techniques (par exemple, le navigateur Internet, le syst\u00e8me d'exploitation ou l'heure de consultation de la page). Ces donn\u00e9es sont collect\u00e9es automatiquement d\u00e8s que vous entrez sur notre site web. \u00c0 quoi servent vos donn\u00e9es ? Une partie des donn\u00e9es est collect\u00e9e afin de garantir une mise \u00e0 disposition du site web sans erreur. D'autres donn\u00e9es peuvent \u00eatre utilis\u00e9es pour analyser votre comportement d'utilisateur. Quels sont vos droits concernant vos donn\u00e9es ? Vous avez le droit de recevoir \u00e0 tout moment et gratuitement des informations sur l'origine, le destinataire et la finalit\u00e9 des donn\u00e9es \u00e0 caract\u00e8re personnel que vous avez enregistr\u00e9es. Vous avez \u00e9galement le droit d'exiger la correction, le blocage ou la suppression de ces donn\u00e9es. \u00c0 cette fin, ainsi que pour toute autre question relative \u00e0 la protection des donn\u00e9es, vous pouvez nous contacter \u00e0 tout moment \u00e0 l'adresse indiqu\u00e9e dans les mentions l\u00e9gales. En outre, vous avez le droit de d\u00e9poser une plainte aupr\u00e8s de l'autorit\u00e9 de contr\u00f4le comp\u00e9tente. Vous avez \u00e9galement le droit de demander la limitation du traitement de vos donn\u00e9es personnelles dans certaines circonstances. Pour plus de d\u00e9tails, veuillez vous r\u00e9f\u00e9rer \u00e0 la politique de confidentialit\u00e9 sous la rubrique \"Droit de restriction du traitement\".<\/p>\n<p><strong>Analyses et outils tiers<\/strong><br>Lorsque vous visitez notre site web, votre comportement de navigation peut \u00eatre \u00e9valu\u00e9 statistiquement. Cela se fait principalement \u00e0 l'aide de cookies et de programmes dits d'analyse. L'analyse de votre comportement de surf est g\u00e9n\u00e9ralement anonyme ; le comportement de surf ne peut pas \u00eatre retrac\u00e9 jusqu'\u00e0 vous.<\/p>\n<p>Vous pouvez vous opposer \u00e0 cette analyse ou l'emp\u00eacher en n'utilisant pas certains outils. Vous trouverez des informations d\u00e9taill\u00e9es sur ces outils et sur vos possibilit\u00e9s d'opposition dans la politique de confidentialit\u00e9 suivante.<\/p>\n<ol start=\"2\">\n<li><strong> Notes g\u00e9n\u00e9rales et informations obligatoires<\/strong><\/li>\n<\/ol>\n<p><strong>Protection de donn\u00e9es<\/strong><br>Les op\u00e9rateurs de ces pages prennent tr\u00e8s au s\u00e9rieux la protection de vos donn\u00e9es personnelles. Nous traitons vos donn\u00e9es personnelles de mani\u00e8re confidentielle et conform\u00e9ment aux dispositions l\u00e9gales en mati\u00e8re de protection des donn\u00e9es et \u00e0 la pr\u00e9sente d\u00e9claration de protection des donn\u00e9es.<br>Lorsque vous utilisez ce site web, diverses donn\u00e9es personnelles sont recueillies.<br>Les donn\u00e9es \u00e0 caract\u00e8re personnel sont des donn\u00e9es avec lesquelles vous pouvez \u00eatre personnellement identifi\u00e9. Cette politique de confidentialit\u00e9 explique quelles donn\u00e9es nous recueillons et \u00e0 quelles fins nous les utilisons. Il explique \u00e9galement comment et dans quel but cela est fait.<br>Nous tenons \u00e0 souligner que la transmission de donn\u00e9es sur Internet (par exemple, la communication par courrier \u00e9lectronique) peut pr\u00e9senter des lacunes en mati\u00e8re de s\u00e9curit\u00e9. Une protection compl\u00e8te des donn\u00e9es contre l'acc\u00e8s par des tiers n'est pas possible.<\/p>\n<p><strong>Notes sur l'organisme responsable<\/strong><br>Le responsable du traitement en vertu du r\u00e8glement g\u00e9n\u00e9ral sur la protection des donn\u00e9es (RPD) et d'autres lois applicables en mati\u00e8re de protection des donn\u00e9es est :<\/p>\n<p>H\u00f6lscher Leuschner GmbH &amp; Co.KG<\/p>\n<p>Gesch\u00e4ftsf\u00fchrung Dr. Richard H\u00f6lscher<br>Siemensstrasse 15<br>48488 Emsb\u00fcren <br>Telefon:<tcxspan tcxhref=\"490590393960\" title=\"Call 49 (0) 5903 93960 via 3CX\"> 49 (0) 5903 93960<\/tcxspan><br>Courriel : zentrale@hl-agrar.de<\/p>\n<p>Le responsable du traitement est la personne physique ou morale qui, seule ou conjointement avec d'autres, d\u00e9termine les finalit\u00e9s et les moyens du traitement des donn\u00e9es \u00e0 caract\u00e8re personnel (par exemple, les noms, les adresses \u00e9lectroniques, etc.)<\/p>\n<p><strong>Le d\u00e9l\u00e9gu\u00e9 \u00e0 la protection des donn\u00e9es est requis par la loi<\/strong><br>Wir haben f\u00fcr unser Unternehmen einen Datenschutzbeauftragten bestellt.<\/p>\n<p>Sie erreichen den Datenschutzbeauftragten unter:<\/p>\n<p>Courriel : datenschutz@hl-agrar.de<\/p>\n<p>Oder postalisch \u00fcber unsere Postanschrift. Bitte kennzeichnen Sie den Umschlag mit &#8222;Datenschutzbeauftragter&#8220;.<\/p>\n<p><strong>R\u00e9vocation de votre consentement au traitement des donn\u00e9es<\/strong><br>De nombreuses op\u00e9rations de traitement des donn\u00e9es ne sont possibles qu'avec votre consentement explicite. Vous pouvez r\u00e9voquer \u00e0 tout moment un consentement d\u00e9j\u00e0 donn\u00e9. Pour ce faire, un message informel par courrier \u00e9lectronique nous suffit.<br>La l\u00e9galit\u00e9 du traitement des donn\u00e9es effectu\u00e9 jusqu'\u00e0 la r\u00e9vocation n'est pas affect\u00e9e par celle-ci.<\/p>\n<p><strong>Droit de s'opposer \u00e0 la collecte de donn\u00e9es dans des cas sp\u00e9cifiques, et de<\/strong><br><strong>Marketing direct (art. 21 PIBR) <\/strong><strong>Si le traitement des donn\u00e9es est effectu\u00e9 sur la base de l'art. 6, al. 1, lit. e ou f DSGVO, vous avez les droits suivants <\/strong><strong>le droit de s'opposer \u00e0 tout moment, pour des raisons li\u00e9es \u00e0 votre situation particuli\u00e8re, au traitement de vos donn\u00e9es \u00e0 caract\u00e8re personnel. <\/strong><strong>de vos donn\u00e9es personnelles ; cela s'applique \u00e9galement \u00e0 une objection fond\u00e9e sur ces dispositions.<\/strong><br><strong>le profilage bas\u00e9 sur la recherche. La base juridique respective, sur laquelle repose un traitement, est la suivante <\/strong><strong>de cette politique de confidentialit\u00e9. Si vous vous y opposez, nous ne divulguerons pas vos donn\u00e9es \u00e0 des tiers. <\/strong><strong>ne plus traiter de donn\u00e9es \u00e0 caract\u00e8re personnel, sauf si nous pouvons d\u00e9montrer qu'il existe des motifs l\u00e9gitimes et convaincants de le faire. <\/strong><strong>les motifs de traitement qui priment sur vos int\u00e9r\u00eats, droits et libert\u00e9s, ou qui sont susceptibles <\/strong><strong>Le traitement sert \u00e0 faire valoir, \u00e0 exercer ou \u00e0 d\u00e9fendre des droits <\/strong><strong>(objection selon l'art. 21, al. 1 DSGVO). <\/strong><strong>Si vos donn\u00e9es personnelles sont trait\u00e9es \u00e0 des fins de marketing direct, vous avez le droit de retirer votre consentement. <\/strong><strong>Droit de s'opposer \u00e0 tout moment au traitement des donn\u00e9es \u00e0 caract\u00e8re personnel vous concernant aux fins de <\/strong><strong>de cette publicit\u00e9 ; cela s'applique \u00e9galement au profilage, dans la mesure o\u00f9 il est li\u00e9 \u00e0 cette publicit\u00e9. <\/strong><strong>le marketing direct. Si vous vous y opposez, vos donn\u00e9es personnelles seront stock\u00e9es et <\/strong><strong>n'est plus utilis\u00e9 par la suite \u00e0 des fins de marketing direct (objection selon l'art. 21, al. 2<\/strong><br><strong>GDPR).<\/strong><\/p>\n<p><strong>Droit de recours aupr\u00e8s de l'autorit\u00e9 de contr\u00f4le comp\u00e9tente<\/strong><br>En cas de violation du GDPR, les personnes concern\u00e9es ont le droit de d\u00e9poser une plainte aupr\u00e8s d'un<br>autorit\u00e9 de contr\u00f4le, notamment dans l'\u00c9tat membre de leur r\u00e9sidence habituelle, de leur lieu de travail ou du lieu de l'infraction pr\u00e9sum\u00e9e. Le droit de recours est sans pr\u00e9judice de tout autre recours administratif ou judiciaire.<\/p>\n<p><strong>Droit \u00e0 la portabilit\u00e9 des donn\u00e9es<\/strong><br>Vous avez le droit d'obtenir que les donn\u00e9es que nous traitons automatiquement sur la base de votre consentement ou en ex\u00e9cution d'un contrat vous soient transmises ou soient transmises \u00e0 un tiers dans un format commun lisible par machine. Si vous demandez le transfert direct des donn\u00e9es \u00e0 un autre responsable du traitement, cela ne sera fait que dans la mesure o\u00f9 cela est techniquement possible.<\/p>\n<p><strong>Cryptage SSL ou TLS<\/strong><br>Ce site utilise le cryptage SSL ou TLS pour des raisons de s\u00e9curit\u00e9 et pour prot\u00e9ger la transmission de contenus confidentiels, tels que les commandes ou les demandes que vous nous envoyez en tant qu'op\u00e9rateur du site. Vous pouvez reconna\u00eetre une connexion crypt\u00e9e par le fait que la ligne d'adresse du navigateur passe de \"http:\/\/\" \u00e0 \"https:\/\/\" et par le symbole du cadenas dans la ligne de votre navigateur. Si le cryptage SSL ou TLS est activ\u00e9, les donn\u00e9es que vous nous transmettez ne peuvent pas \u00eatre lues par des tiers.<\/p>\n<p><strong>Information, blocage, suppression et correction<\/strong><br>Dans le cadre des dispositions l\u00e9gales applicables, vous avez \u00e0 tout moment le droit d'obtenir gratuitement des informations sur vos donn\u00e9es personnelles stock\u00e9es, leur origine et leur destinataire ainsi que sur la finalit\u00e9 du traitement des donn\u00e9es et, si n\u00e9cessaire, un droit de rectification, de blocage ou de suppression de ces donn\u00e9es. \u00c0 cette fin, ainsi que pour toute autre question concernant les donn\u00e9es \u00e0 caract\u00e8re personnel, vous pouvez nous contacter \u00e0 tout moment \u00e0 l'adresse indiqu\u00e9e dans les mentions l\u00e9gales.<\/p>\n<p><strong>Droit de limiter le traitement<\/strong><br>Vous avez le droit de demander la limitation du traitement de vos donn\u00e9es personnelles. Pour ce faire, vous pouvez nous contacter \u00e0 tout moment \u00e0 l'adresse indiqu\u00e9e dans les mentions l\u00e9gales. Le droit de restriction du traitement existe dans les cas suivants :<br>Si vous contestez l'exactitude de vos donn\u00e9es personnelles stock\u00e9es par nous, nous avons g\u00e9n\u00e9ralement besoin de temps pour le v\u00e9rifier. Pendant la dur\u00e9e du r\u00e9examen, vous avez le droit de demander la limitation du traitement de vos donn\u00e9es \u00e0 caract\u00e8re personnel.<br>Si le traitement de vos donn\u00e9es \u00e0 caract\u00e8re personnel a eu lieu \/ a lieu ill\u00e9galement, vous pouvez demander la limitation du traitement des donn\u00e9es au lieu de leur suppression.<br>Si nous n'avons plus besoin de vos donn\u00e9es personnelles, mais que vous voulez les utiliser pour exercer,<br>pour la d\u00e9fense ou l'affirmation de vos droits, vous avez le droit d'exiger la limitation du traitement de vos donn\u00e9es \u00e0 caract\u00e8re personnel au lieu de leur suppression.<br>Si vous avez d\u00e9pos\u00e9 une r\u00e9clamation en vertu de l'article 21, paragraphe 1, de l'ODAS, il faut proc\u00e9der \u00e0 une mise en balance de vos int\u00e9r\u00eats et des n\u00f4tres. Tant qu'il n'a pas encore \u00e9t\u00e9 d\u00e9termin\u00e9 quels int\u00e9r\u00eats pr\u00e9valent, vous avez le droit de demander la limitation du traitement de vos donn\u00e9es personnelles. Si vous avez restreint le traitement de vos donn\u00e9es \u00e0 caract\u00e8re personnel, ces donn\u00e9es ne peuvent - outre leur stockage - \u00eatre trait\u00e9es qu'avec votre consentement ou pour la revendication, l'exercice ou la d\u00e9fense de droits l\u00e9gaux ou pour la protection des droits d'une autre personne physique ou morale ou pour des raisons d'un int\u00e9r\u00eat public important de l'Union europ\u00e9enne ou d'un \u00c9tat membre.<\/p>\n<p><strong>Objection aux courriers \u00e9lectroniques publicitaires<br><\/strong>L'utilisation des donn\u00e9es de contact publi\u00e9es dans le cadre de l'obligation d'impression pour l'envoi de mat\u00e9riel publicitaire et d'information non express\u00e9ment demand\u00e9 est interdite. Les exploitants des pages se r\u00e9servent express\u00e9ment le droit d'engager des poursuites judiciaires en cas d'envoi non sollicit\u00e9 d'informations publicitaires, comme les courriers \u00e9lectroniques non sollicit\u00e9s (spam).<\/p>\n<ol start=\"3\">\n<li><strong> Collecte de donn\u00e9es sur notre site web<\/strong><\/li>\n<\/ol>\n<p><strong>Cookies<\/strong><br>Les pages Internet utilisent en partie des \"cookies\". Les cookies ne causent aucun dommage \u00e0 votre ordinateur et ne contiennent pas de virus. Les cookies servent \u00e0 rendre notre offre plus conviviale, plus efficace et plus s\u00fbre. Les cookies sont de petits fichiers texte qui sont stock\u00e9s sur votre ordinateur et enregistr\u00e9s par votre navigateur.<br>La plupart des cookies que nous utilisons sont des \"cookies de session\". Ils sont automatiquement supprim\u00e9s \u00e0 la fin de votre visite. Les autres cookies restent stock\u00e9s sur votre terminal jusqu'\u00e0 ce que vous les supprimiez. Ces cookies nous permettent de reconna\u00eetre votre navigateur lors de votre prochaine visite. Vous pouvez configurer votre navigateur de mani\u00e8re \u00e0 \u00eatre inform\u00e9 de la mise en place de cookies et \u00e0 n'autoriser les cookies que dans des cas individuels, \u00e0 exclure l'acceptation de cookies dans certains cas ou en g\u00e9n\u00e9ral et \u00e0 activer la suppression automatique des cookies lors de la fermeture du navigateur. Si vous d\u00e9sactivez les cookies, la fonctionnalit\u00e9 de ce site web peut \u00eatre limit\u00e9e.<br>Les cookies, qui sont n\u00e9cessaires \u00e0 l'ex\u00e9cution du processus de communication \u00e9lectronique ou \u00e0 la fourniture de certaines fonctions que vous souhaitez (par exemple, la fonction de panier d'achat), sont stock\u00e9s sur<br>Bas\u00e9 sur l'art. 6 al. 1 lit. f DSGVO stock\u00e9. L'op\u00e9rateur du site web a un int\u00e9r\u00eat l\u00e9gitime \u00e0 stocker des cookies pour une prestation de services techniquement sans erreur et optimis\u00e9e. Dans la mesure o\u00f9 d'autres cookies (par exemple des cookies destin\u00e9s \u00e0 analyser votre comportement de navigation) sont enregistr\u00e9s, ceux-ci sont trait\u00e9s s\u00e9par\u00e9ment dans la pr\u00e9sente d\u00e9claration de protection des donn\u00e9es.<\/p>\n<p><strong>Consentement aux cookies avec Usercentrics<br><\/strong>Ce site web utilise la technologie de consentement des cookies de Usercentrics pour obtenir votre consentement au stockage de certains cookies sur votre terminal et pour le documenter conform\u00e9ment \u00e0 la loi sur la protection des donn\u00e9es. Le fournisseur de cette technologie est le site web de Usercentrics GmbH, Rosental 4, 80331 Munich, Allemagne : <a href=\"https:\/\/usercentrics.com\/de\/\" target=\"_blank\" rel=\"noopener\">https:\/\/usercentrics.com\/de\/<\/a> (ci-apr\u00e8s \"Usercentrics\").<\/p>\n<p>Lorsque vous entrez sur notre site web, les donn\u00e9es personnelles suivantes sont transf\u00e9r\u00e9es \u00e0 Usercentrics :<\/p>\n<ul>\n<li>Votre (vos) consentement(s) ou la r\u00e9vocation de votre (vos) consentement(s)<\/li>\n<li>votre adresse IP<\/li>\n<li>Informations sur votre navigateur<\/li>\n<li>Informations sur votre terminal<\/li>\n<li>Heure de votre visite sur le site<\/li>\n<\/ul>\n<p>En outre, Usercentrics stocke un cookie dans votre navigateur afin de pouvoir vous attribuer le consentement qui vous a \u00e9t\u00e9 donn\u00e9 ou sa r\u00e9vocation. Les donn\u00e9es collect\u00e9es de cette mani\u00e8re sont conserv\u00e9es jusqu'\u00e0 ce que vous nous demandiez de les supprimer, que vous supprimiez vous-m\u00eame le cookie Usercentrics ou que la finalit\u00e9 de la conservation des donn\u00e9es ne soit plus valable. Les obligations l\u00e9gales obligatoires de stockage restent inchang\u00e9es.<\/p>\n<p>Usercentrics est utilis\u00e9 pour obtenir le consentement l\u00e9galement requis pour l'utilisation de cookies. La base juridique est l'art. 6, al. 1, p. 1 lit. c DSGVO.<\/p>\n<p><strong>Fichiers journaux du serveur<\/strong><br>Le fournisseur des pages collecte et stocke automatiquement des informations dans des fichiers journaux de serveur, que votre navigateur nous transmet automatiquement. C'est le cas :<\/p>\n<ul>\n<li>Type de navigateur et version du navigateur<\/li>\n<li>le syst\u00e8me d'exploitation utilis\u00e9<\/li>\n<li>URL de r\u00e9f\u00e9rence<\/li>\n<li>Nom d'h\u00f4te de l'ordinateur d'acc\u00e8s<\/li>\n<li>Heure de la demande du serveur<\/li>\n<li>Adresse IP<\/li>\n<\/ul>\n<p>Ces donn\u00e9es ne sont pas fusionn\u00e9es avec d'autres sources de donn\u00e9es.<br>La collecte de ces donn\u00e9es est bas\u00e9e sur l'art. 6 al. 1 lit. f DSGVO. L'exploitant du site web a un int\u00e9r\u00eat l\u00e9gitime \u00e0 ce que la pr\u00e9sentation et l'optimisation de son site web soient techniquement exemptes d'erreurs - \u00e0 cette fin, les fichiers journaux du serveur doivent \u00eatre collect\u00e9s.<\/p>\n<p><strong>Formulaire de contact<\/strong><br>Si vous nous envoyez des demandes de renseignements via le formulaire de contact, vos coordonn\u00e9es du<br>Vos donn\u00e9es personnelles, y compris les coordonn\u00e9es que vous avez fournies dans le formulaire de demande de renseignements, seront conserv\u00e9es par nos soins aux fins de traitement de votre demande et en cas de questions compl\u00e9mentaires. Nous ne transmettons pas ces donn\u00e9es sans votre consentement.<br>Le traitement des donn\u00e9es saisies dans le formulaire de contact est donc effectu\u00e9 exclusivement sur<br>Base de votre consentement (art. 6 al. 1 lit. a DSGVO). Vous pouvez r\u00e9voquer ce consentement \u00e0 tout moment. Pour ce faire, une communication informelle par courrier \u00e9lectronique nous suffit. La l\u00e9galit\u00e9 des traitements de donn\u00e9es effectu\u00e9s jusqu'\u00e0 la r\u00e9vocation n'est pas affect\u00e9e par celle-ci.<br>Les donn\u00e9es que vous saisissez dans le formulaire de contact resteront en notre possession jusqu'\u00e0 ce que vous nous demandiez de les supprimer, que vous r\u00e9voquiez votre consentement \u00e0 les conserver ou que la finalit\u00e9 de la conservation des donn\u00e9es ne soit plus applicable (par exemple, apr\u00e8s que nous ayons termin\u00e9 le traitement de votre demande). Les dispositions l\u00e9gales obligatoires - en particulier les p\u00e9riodes de r\u00e9tention - restent inchang\u00e9es.<\/p>\n<p><strong>Demande de renseignements par courrier \u00e9lectronique, t\u00e9l\u00e9phone ou fax<\/strong><br>Si vous nous contactez par e-mail, t\u00e9l\u00e9phone ou fax, votre demande, y compris toutes les donn\u00e9es personnelles qui en r\u00e9sultent (nom, demande), sera trait\u00e9e dans le but de traiter votre demande.<br>stock\u00e9es et trait\u00e9es par nous. Nous ne transmettons pas ces donn\u00e9es sans votre consentement.<br>Le traitement de ces donn\u00e9es est fond\u00e9 sur l'article 6, paragraphe 1, point b), de l'ordonnance sur les services financiers et la protection des consommateurs, si votre demande est li\u00e9e \u00e0 l'ex\u00e9cution d'un contrat ou est n\u00e9cessaire \u00e0 la mise en \u0153uvre de mesures pr\u00e9contractuelles. Dans tous les autres cas, le traitement est fond\u00e9 sur votre consentement (art. 6, paragraphe 1, point a), de la DSGVO) et\/ou sur nos int\u00e9r\u00eats l\u00e9gitimes (art. 6, paragraphe 1, point f), de la DSGVO), car nous avons un int\u00e9r\u00eat l\u00e9gitime \u00e0 ce que les demandes qui nous sont adress\u00e9es soient trait\u00e9es efficacement. Les donn\u00e9es que vous nous envoyez par le biais des demandes de contact resteront en notre possession jusqu'\u00e0 ce que vous nous demandiez de les supprimer, que vous r\u00e9voquiez votre consentement \u00e0 les stocker ou que la finalit\u00e9 du stockage des donn\u00e9es ne s'applique plus (par exemple, apr\u00e8s que votre demande ait \u00e9t\u00e9 trait\u00e9e). Les dispositions l\u00e9gales obligatoires - en particulier les d\u00e9lais de conservation l\u00e9gaux - restent inchang\u00e9es.<\/p>\n<ol start=\"4\">\n<li><strong> les m\u00e9dias sociaux<\/strong><\/li>\n<\/ol>\n<p>Plugins Facebook (bouton \"Like &amp; Share\")<br>Des plugins du r\u00e9seau social Facebook, fournisseur de Facebook Inc, 1 Hacker Way, Menlo Park, California 94025, USA, sont int\u00e9gr\u00e9s \u00e0 nos pages. Vous pouvez reconna\u00eetre les plugins Facebook gr\u00e2ce au logo Facebook ou au bouton \"Like\" sur notre site. Vous pouvez trouver un aper\u00e7u des plugins Facebook ici :<br><a href=\"https:\/\/developers.facebook.com\/docs\/plugins\/?locale=de_DE\" target=\"_blank\" rel=\"noopener\">https:\/\/developers.facebook.com\/docs\/plugins\/?locale=de_DE<\/a>.<br>Lorsque vous visitez nos pages, une connexion directe entre votre navigateur et le serveur Facebook est \u00e9tablie via le plugin. Facebook re\u00e7oit ainsi l'information que vous avez visit\u00e9 notre site avec votre adresse IP. Si vous cliquez sur le bouton \"J'aime\" de Facebook lorsque vous \u00eates connect\u00e9 \u00e0 votre compte Facebook, vous pouvez relier le contenu de nos pages \u00e0 votre profil Facebook. Cela permet \u00e0 Facebook d'associer la visite de nos pages \u00e0 votre compte d'utilisateur. Nous soulignons qu'en tant que fournisseur des pages, nous n'avons aucune connaissance du contenu des donn\u00e9es transmises et de leur<br>l'utilisation par Facebook. Pour plus d'informations, veuillez consulter la politique de confidentialit\u00e9 de Facebook \u00e0 l'adresse suivante<br><a href=\"https:\/\/de-de.facebook.com\/privacy\/explanation\" target=\"_blank\" rel=\"noopener\">https:\/\/de-de.facebook.com\/privacy\/explanation<\/a>.<br>Si vous ne souhaitez pas que Facebook puisse attribuer votre visite sur nos pages \u00e0 votre compte d'utilisateur Facebook, veuillez vous d\u00e9connecter de votre compte d'utilisateur Facebook.<br>L'utilisation des plugins Facebook est bas\u00e9e sur l'article 6 (1) lit. f DSGVO. Le<br>L'op\u00e9rateur du site web a un int\u00e9r\u00eat l\u00e9gitime \u00e0 avoir le plus de visibilit\u00e9 possible sur les m\u00e9dias sociaux.<\/p>\n<ol start=\"5\">\n<li><strong> Plugins et outils<\/strong><\/li>\n<\/ol>\n<p><strong>YouTube avec une meilleure protection de la vie priv\u00e9e<\/strong><br>Notre site web utilise des plugins du site web YouTube. L'op\u00e9rateur des pages est Google Ireland Limited (\"Google\"), Gordon House, Barrow Street, Dublin 4, Irlande.<br>Nous utilisons YouTube en mode de confidentialit\u00e9 \u00e9tendue. Selon YouTube, ce mode signifie que YouTube ne stocke aucune information sur les visiteurs de ce site avant qu'ils ne regardent la vid\u00e9o. Toutefois, la divulgation de donn\u00e9es aux partenaires de YouTube n'est pas n\u00e9cessairement exclue par le mode de protection des donn\u00e9es \u00e9tendu. Par exemple, que vous regardiez une vid\u00e9o ou non, YouTube se connecte au r\u00e9seau DoubleClick de Google. D\u00e8s que vous lancez une vid\u00e9o YouTube sur notre site web, une connexion aux serveurs YouTube est \u00e9tablie. Cela indique au serveur YouTube les pages que vous avez visit\u00e9es.<br>Si vous \u00eates connect\u00e9 \u00e0 votre compte YouTube, vous permettez \u00e0 YouTube d'attribuer votre comportement de navigation directement \u00e0 votre profil personnel. Vous pouvez \u00e9viter cela en vous d\u00e9connectant de votre compte YouTube.<br>En outre, YouTube peut enregistrer divers cookies sur votre terminal apr\u00e8s le d\u00e9marrage d'une vid\u00e9o. Ces cookies permettent \u00e0 YouTube d'obtenir des informations sur les visiteurs de notre site web. Ces informations sont utilis\u00e9es, entre autres, pour collecter des statistiques vid\u00e9o, am\u00e9liorer l'exp\u00e9rience de l'utilisateur et pr\u00e9venir les tentatives de fraude. Les cookies restent sur votre terminal jusqu'\u00e0 ce que vous les supprimiez.<br>Si n\u00e9cessaire, d'autres traitements de donn\u00e9es peuvent \u00eatre d\u00e9clench\u00e9s apr\u00e8s le d\u00e9marrage d'une vid\u00e9o YouTube, sur laquelle nous n'avons aucun contr\u00f4le. <br>YouTube est utilis\u00e9 dans l'int\u00e9r\u00eat d'une pr\u00e9sentation attrayante de nos offres en ligne. Cela repr\u00e9sente un int\u00e9r\u00eat l\u00e9gitime au sens de l'art. 6 al. 1 lit. f DSGVO. <br>Pour plus d'informations sur la protection de la vie priv\u00e9e sur YouTube, veuillez consulter leur politique de confidentialit\u00e9 \u00e0 l'adresse suivante<br><a href=\"https:\/\/policies.google.com\/privacy?hl=de\" target=\"_blank\" rel=\"noopener\">https:\/\/policies.google.com\/privacy?hl=de<\/a>.<\/p>\n<p><strong>Google Web Fonts<\/strong><br>Ce site utilise des polices web fournies par Google pour l'affichage uniforme des polices. Lorsque vous appelez une page, votre navigateur charge les polices web requises dans son cache afin d'afficher correctement les textes et les polices.&nbsp;<br>Pour cela, le navigateur que vous utilisez doit se connecter aux serveurs de Google. Cela permet \u00e0 Google de savoir que notre site web a \u00e9t\u00e9 consult\u00e9 via votre adresse IP. L'utilisation des Google Web Fonts est dans l'int\u00e9r\u00eat d'une pr\u00e9sentation uniforme et attrayante de nos offres en ligne. Cela repr\u00e9sente un int\u00e9r\u00eat l\u00e9gitime au sens de l'article 6 (1) lit. f DSGVO.<br>Si votre navigateur ne prend pas en charge les polices Web, une police par d\u00e9faut sera utilis\u00e9e par votre ordinateur. Vous trouverez de plus amples informations sur les Google Web Fonts \u00e0 l'adresse suivante <br><a href=\"https:\/\/developers.google.com\/fonts\/faq\" target=\"_blank\" rel=\"noopener\">https:\/\/developers.google.com\/fonts\/faq<\/a> <br>et dans la politique de confidentialit\u00e9 de Google :<br><a href=\"https:\/\/policies.google.com\/privacy?hl=de\" target=\"_blank\" rel=\"noopener\">https:\/\/policies.google.com\/privacy?hl=de <\/a>.<\/p>\n<ol start=\"6\">\n<li><strong> Services propres<\/strong><\/li>\n<\/ol>\n<p><strong>Demandes<br><\/strong>Nous vous offrons la possibilit\u00e9 de postuler \u00e0 un emploi chez nous (par exemple par courrier \u00e9lectronique, par courrier postal ou via le formulaire de candidature en ligne).<br>Dans ce qui suit, nous vous informons sur l'\u00e9tendue, la finalit\u00e9 et l'utilisation des donn\u00e9es personnelles recueillies dans le cadre de la proc\u00e9dure de candidature. Nous vous assurons que la collecte, le traitement et l'utilisation de vos donn\u00e9es seront effectu\u00e9s conform\u00e9ment \u00e0 la l\u00e9gislation applicable en mati\u00e8re de protection des donn\u00e9es et \u00e0 toutes les autres dispositions l\u00e9gales et que vos donn\u00e9es seront trait\u00e9es de mani\u00e8re strictement confidentielle.<\/p>\n<p><strong>Port\u00e9e et finalit\u00e9 de la collecte des donn\u00e9es<\/strong><\/p>\n<p>Si vous nous envoyez une candidature, nous traitons les donn\u00e9es \u00e0 caract\u00e8re personnel qui y sont associ\u00e9es (par exemple, les donn\u00e9es de contact et de communication, les documents de candidature, les notes prises dans le cadre d'entretiens d'embauche, etc. La base juridique est l'article 26 BDSG-neu du droit allemand (initiation d'une relation de travail), l'article 6 paragraphe 1 lit. b DSGVO (initiation g\u00e9n\u00e9rale du contrat) et - si vous avez donn\u00e9 votre accord - l'article 6 paragraphe 1 lit. a DSGVO. Le consentement peut \u00eatre r\u00e9voqu\u00e9 \u00e0 tout moment. Vos donn\u00e9es personnelles ne seront transmises au sein de notre soci\u00e9t\u00e9 qu'aux personnes qui participent au traitement de votre demande.<\/p>\n<p>Si la demande est accept\u00e9e, les donn\u00e9es que vous nous avez communiqu\u00e9es sont enregistr\u00e9es dans nos syst\u00e8mes de traitement des donn\u00e9es sur la base du \u00a7 26 BDSG-neu et de l'art. 6 al. lit. b DSGVO aux fins de la mise en \u0153uvre de la relation de travail.<\/p>\n<p><strong>Dur\u00e9e de conservation des donn\u00e9es<\/strong><\/p>\n<p>Si nous ne sommes pas en mesure de vous faire une offre d'emploi, si vous rejetez une offre d'emploi, si vous retirez votre candidature, si vous r\u00e9voquez votre consentement au traitement des donn\u00e9es ou si vous nous demandez de supprimer les donn\u00e9es, les donn\u00e9es que vous avez soumises, y compris les documents de candidature physiques restants, seront conserv\u00e9es ou conserv\u00e9es (p\u00e9riode de conservation) pendant une p\u00e9riode maximale de 6 mois apr\u00e8s la fin de la proc\u00e9dure de candidature afin de pouvoir retrouver les d\u00e9tails de la proc\u00e9dure de candidature en cas de divergences (art. 6, paragraphe 1, f DSGVO).<\/p>\n<p>VOUS POUVEZ VOUS OPPOSER \u00c0 CE STOCKAGE SI VOUS AVEZ DES INT\u00c9R\u00caTS L\u00c9GITIMES QUI L'EMPORTENT SUR NOS INT\u00c9R\u00caTS.<\/p>\n<p>Nach Ablauf der Aufbewahrungsfrist werden die Daten gel\u00f6scht, sofern keine gesetzliche Aufbewahrungspflicht oder ein sonstiger Rechtsgrund zur weiteren Speicherung vorliegt. Sofern ersichtlich ist, dass die Aufbewahrung Ihrer Daten nach Ablauf der Aufbewahrungsfrist erforderlich sein wird (z.B. aufgrund eines drohenden oder anh\u00e4ngigen Rechtsstreits), findet eine L\u00f6sung erst statt, wenn die Daten gegenstandslos geworden sind. Sonstige gesetzliche Aufbewahrungspflichten bleiben unber\u00fchrt.\u00fcber un<\/p>\t\t\t\t\t\t<\/div>\n\t\t\t\t<\/div>\n\t\t\t\t\t<\/div>\n\t\t<\/div>\n\t\t\t\t\t\t\t<\/div>\n\t\t<\/section>\n\t\t\t\t<section class=\"elementor-section elementor-top-section elementor-element elementor-element-ba50608 elementor-section-content-top elementor-section-boxed elementor-section-height-default elementor-section-height-default\" data-id=\"ba50608\" data-element_type=\"section\" data-settings=\"{&quot;background_background&quot;:&quot;classic&quot;}\">\n\t\t\t\t\t\t\t<div class=\"elementor-background-overlay\"><\/div>\n\t\t\t\t\t\t\t<div class=\"elementor-container elementor-column-gap-default\">\n\t\t\t\t\t<div class=\"elementor-column elementor-col-25 elementor-top-column elementor-element elementor-element-4f5b9d4\" data-id=\"4f5b9d4\" data-element_type=\"column\">\n\t\t\t<div class=\"elementor-widget-wrap elementor-element-populated\">\n\t\t\t\t\t\t\t\t<div class=\"elementor-element elementor-element-64a6772 animated-slow elementor-hidden-phone elementor-invisible elementor-widget elementor-widget-heading\" data-id=\"64a6772\" data-element_type=\"widget\" data-settings=\"{&quot;_animation&quot;:&quot;fadeInDown&quot;,&quot;_animation_delay&quot;:600}\" data-widget_type=\"heading.default\">\n\t\t\t\t<div class=\"elementor-widget-container\">\n\t\t\t<h2 class=\"elementor-heading-title elementor-size-default\">H+L <br>Gmbh &amp; Co. Kg<\/h2>\t\t<\/div>\n\t\t\t\t<\/div>\n\t\t\t\t<div class=\"elementor-element elementor-element-589888e animated-slow elementor-invisible elementor-widget elementor-widget-text-editor\" data-id=\"589888e\" data-element_type=\"widget\" data-settings=\"{&quot;_animation&quot;:&quot;fadeInDown&quot;,&quot;_animation_delay&quot;:600}\" data-widget_type=\"text-editor.default\">\n\t\t\t\t<div class=\"elementor-widget-container\">\n\t\t\t\t\t\t\t<p>Siemensstrasse 15<\/p><p>48488 Emsb\u00fcren, Allemagne<\/p><p>T\u00e9l : 05903 - 9396 0<\/p><p>Fax : 05903 - 72 73<\/p><p>info@hplusl.com<\/p>\t\t\t\t\t\t<\/div>\n\t\t\t\t<\/div>\n\t\t\t\t\t<\/div>\n\t\t<\/div>\n\t\t\t\t<div class=\"elementor-column elementor-col-25 elementor-top-column elementor-element elementor-element-4390c4f elementor-invisible\" data-id=\"4390c4f\" data-element_type=\"column\" data-settings=\"{&quot;animation&quot;:&quot;fadeInUp&quot;,&quot;animation_delay&quot;:600}\">\n\t\t\t<div class=\"elementor-widget-wrap elementor-element-populated\">\n\t\t\t\t\t\t\t\t<div class=\"elementor-element elementor-element-14cf281 e-grid-align-tablet-right elementor-shape-circle e-grid-align-mobile-center elementor-grid-0 e-grid-align-center elementor-widget elementor-widget-social-icons\" data-id=\"14cf281\" data-element_type=\"widget\" data-widget_type=\"social-icons.default\">\n\t\t\t\t<div class=\"elementor-widget-container\">\n\t\t\t\t\t<div class=\"elementor-social-icons-wrapper elementor-grid\">\n\t\t\t\t\t\t\t<span class=\"elementor-grid-item\">\n\t\t\t\t\t<a class=\"elementor-icon elementor-social-icon elementor-social-icon-facebook-f elementor-animation-shrink elementor-repeater-item-c29d3e9\" href=\"https:\/\/www.facebook.com\/H%C3%B6lscher-Leuschner-GmbH-Co-KG-744765949067675\/\" target=\"_blank\" rel=\"noopener\">\n\t\t\t\t\t\t<span class=\"elementor-screen-only\">Facebook-f<\/span>\n\t\t\t\t\t\t<i class=\"fab fa-facebook-f\"><\/i>\t\t\t\t\t<\/a>\n\t\t\t\t<\/span>\n\t\t\t\t\t\t\t<span class=\"elementor-grid-item\">\n\t\t\t\t\t<a class=\"elementor-icon elementor-social-icon elementor-social-icon-youtube elementor-animation-shrink elementor-repeater-item-a8c4402\" href=\"https:\/\/www.youtube.com\/channel\/UCgKwwLRZ9lLt1pNi4EkHsQA\" target=\"_blank\" rel=\"noopener\">\n\t\t\t\t\t\t<span class=\"elementor-screen-only\">Youtube<\/span>\n\t\t\t\t\t\t<i class=\"fab fa-youtube\"><\/i>\t\t\t\t\t<\/a>\n\t\t\t\t<\/span>\n\t\t\t\t\t<\/div>\n\t\t\t\t<\/div>\n\t\t\t\t<\/div>\n\t\t\t\t<div class=\"elementor-element elementor-element-635b3c6 logo animated-slow elementor-hidden-desktop elementor-hidden-tablet elementor-invisible elementor-widget elementor-widget-image\" data-id=\"635b3c6\" data-element_type=\"widget\" data-settings=\"{&quot;_animation&quot;:&quot;fadeInDown&quot;,&quot;_animation_delay&quot;:600}\" data-widget_type=\"image.default\">\n\t\t\t\t<div class=\"elementor-widget-container\">\n\t\t\t\t\t\t\t\t\t\t\t\t\t\t\t\t<a href=\"https:\/\/hl-agrar.de\/fr\/\">\n\t\t\t\t\t\t\t<img decoding=\"async\" width=\"1024\" height=\"221\" src=\"https:\/\/hl-agrar.de\/wp-content\/uploads\/2020\/12\/Logo-removebg-preview-1024x221.png\" class=\"attachment-large size-large wp-image-3771\" alt=\"\" loading=\"lazy\" srcset=\"https:\/\/hl-agrar.de\/wp-content\/uploads\/2020\/12\/Logo-removebg-preview-1024x221.png 1024w, https:\/\/hl-agrar.de\/wp-content\/uploads\/2020\/12\/Logo-removebg-preview-300x65.png 300w, https:\/\/hl-agrar.de\/wp-content\/uploads\/2020\/12\/Logo-removebg-preview-768x166.png 768w, https:\/\/hl-agrar.de\/wp-content\/uploads\/2020\/12\/Logo-removebg-preview.png 1075w\" sizes=\"(max-width: 1024px) 100vw, 1024px\">\t\t\t\t\t\t\t\t<\/a>\n\t\t\t\t\t\t\t\t\t\t\t\t\t\t\t<\/div>\n\t\t\t\t<\/div>\n\t\t\t\t<div class=\"elementor-element elementor-element-931b73c logo animated-slow elementor-hidden-phone elementor-invisible elementor-widget elementor-widget-image\" data-id=\"931b73c\" data-element_type=\"widget\" data-settings=\"{&quot;_animation&quot;:&quot;fadeInDown&quot;,&quot;_animation_delay&quot;:600}\" data-widget_type=\"image.default\">\n\t\t\t\t<div class=\"elementor-widget-container\">\n\t\t\t\t\t\t\t\t\t\t\t\t\t\t\t\t<a href=\"https:\/\/hl-agrar.de\/fr\/\">\n\t\t\t\t\t\t\t<img decoding=\"async\" width=\"1024\" height=\"221\" src=\"https:\/\/hl-agrar.de\/wp-content\/uploads\/2020\/12\/Logo-removebg-preview-1024x221.png\" class=\"attachment-large size-large wp-image-3771\" alt=\"\" loading=\"lazy\" srcset=\"https:\/\/hl-agrar.de\/wp-content\/uploads\/2020\/12\/Logo-removebg-preview-1024x221.png 1024w, https:\/\/hl-agrar.de\/wp-content\/uploads\/2020\/12\/Logo-removebg-preview-300x65.png 300w, https:\/\/hl-agrar.de\/wp-content\/uploads\/2020\/12\/Logo-removebg-preview-768x166.png 768w, https:\/\/hl-agrar.de\/wp-content\/uploads\/2020\/12\/Logo-removebg-preview.png 1075w\" sizes=\"(max-width: 1024px) 100vw, 1024px\">\t\t\t\t\t\t\t\t<\/a>\n\t\t\t\t\t\t\t\t\t\t\t\t\t\t\t<\/div>\n\t\t\t\t<\/div>\n\t\t\t\t\t<\/div>\n\t\t<\/div>\n\t\t\t\t<div class=\"elementor-column elementor-col-25 elementor-top-column elementor-element elementor-element-005517e\" data-id=\"005517e\" data-element_type=\"column\">\n\t\t\t<div class=\"elementor-widget-wrap elementor-element-populated\">\n\t\t\t\t\t\t\t\t<div class=\"elementor-element elementor-element-f86410d animated-slow elementor-invisible elementor-widget elementor-widget-text-editor\" data-id=\"f86410d\" data-element_type=\"widget\" data-settings=\"{&quot;_animation_delay&quot;:600,&quot;_animation&quot;:&quot;fadeInUp&quot;}\" data-widget_type=\"text-editor.default\">\n\t\t\t\t<div class=\"elementor-widget-container\">\n\t\t\t\t\t\t\t<p style=\"text-align: center;\"><span style=\"color: #ffffff;\"><a style=\"color: #ffffff;\" href=\"https:\/\/hl-agrar.de\/fr\/kontakt\/\">Contact<\/a><\/span><\/p><p><span style=\"color: #ffffff;\"><a style=\"color: #ffffff;\" href=\"https:\/\/hl-agrar.de\/fr\/datenschutz\/\">Colophon<\/a><\/span><\/p><p><span style=\"color: #ffffff;\"><a style=\"color: #ffffff;\" href=\"https:\/\/hl-agrar.de\/fr\/datenschutz\/\">Protection de donn\u00e9es<\/a><\/span><\/p>\t\t\t\t\t\t<\/div>\n\t\t\t\t<\/div>\n\t\t\t\t\t<\/div>\n\t\t<\/div>\n\t\t\t\t<div class=\"elementor-column elementor-col-25 elementor-top-column elementor-element elementor-element-e8ae202 animated-slow elementor-invisible\" data-id=\"e8ae202\" data-element_type=\"column\" data-settings=\"{&quot;animation&quot;:&quot;fadeInDown&quot;,&quot;animation_delay&quot;:600}\">\n\t\t\t<div class=\"elementor-widget-wrap elementor-element-populated\">\n\t\t\t\t\t\t\t\t<div class=\"elementor-element elementor-element-7996f0d animated-slow elementor-hidden-phone elementor-invisible elementor-widget elementor-widget-heading\" data-id=\"7996f0d\" data-element_type=\"widget\" data-settings=\"{&quot;_animation&quot;:&quot;fadeIn&quot;,&quot;_animation_delay&quot;:600}\" data-widget_type=\"heading.default\">\n\t\t\t\t<div class=\"elementor-widget-container\">\n\t\t\t<h2 class=\"elementor-heading-title elementor-size-default\">HEURES DE BUREAU<\/h2>\t\t<\/div>\n\t\t\t\t<\/div>\n\t\t\t\t<div class=\"elementor-element elementor-element-3490494 elementor-invisible elementor-widget elementor-widget-text-editor\" data-id=\"3490494\" data-element_type=\"widget\" data-settings=\"{&quot;_animation&quot;:&quot;fadeInDown&quot;}\" data-widget_type=\"text-editor.default\">\n\t\t\t\t<div class=\"elementor-widget-container\">\n\t\t\t\t\t\t\t<p>Lun. : 7:00 - 16:00<br \/>Mercredi - jeudi : 7h30 - 16h00<br \/>Vendredi : 7h30 - 15h00<\/p>\t\t\t\t\t\t<\/div>\n\t\t\t\t<\/div>\n\t\t\t\t\t<\/div>\n\t\t<\/div>\n\t\t\t\t\t\t\t<\/div>\n\t\t<\/section>\n\t\t\t\t\t\t\t<\/div>","protected":false},"excerpt":{"rendered":"<p>Datenschutz Datenschutzerkl\u00e4rung Datenschutz auf einen Blick Herzlich Willkommen bei H\u00f6lscher Leuschner. Vielen Dank f\u00fcr Ihren Besuch und Ihr Interesse an unserem Unternehmen. Wir sch\u00fctzen Ihre personenbezogenen Daten. In dieser Datenschutzerkl\u00e4rung finden Sie mehr Informationen dazu. Allgemeine HinweiseDie folgenden Hinweise geben einen einfachen \u00dcberblick dar\u00fcber, was mit Ihren personenbezogenen Daten passiert, wenn Sie unsere Website besuchen. [&hellip;]<\/p>","protected":false},"author":1,"featured_media":0,"parent":0,"menu_order":0,"comment_status":"closed","ping_status":"closed","template":"","meta":[],"_links":{"self":[{"href":"https:\/\/hl-agrar.de\/fr\/wp-json\/wp\/v2\/pages\/1899"}],"collection":[{"href":"https:\/\/hl-agrar.de\/fr\/wp-json\/wp\/v2\/pages"}],"about":[{"href":"https:\/\/hl-agrar.de\/fr\/wp-json\/wp\/v2\/types\/page"}],"author":[{"embeddable":true,"href":"https:\/\/hl-agrar.de\/fr\/wp-json\/wp\/v2\/users\/1"}],"replies":[{"embeddable":true,"href":"https:\/\/hl-agrar.de\/fr\/wp-json\/wp\/v2\/comments?post=1899"}],"version-history":[{"count":26,"href":"https:\/\/hl-agrar.de\/fr\/wp-json\/wp\/v2\/pages\/1899\/revisions"}],"predecessor-version":[{"id":11262,"href":"https:\/\/hl-agrar.de\/fr\/wp-json\/wp\/v2\/pages\/1899\/revisions\/11262"}],"wp:attachment":[{"href":"https:\/\/hl-agrar.de\/fr\/wp-json\/wp\/v2\/media?parent=1899"}],"curies":[{"name":"wp","href":"https:\/\/api.w.org\/{rel}","templated":true}]}}